
{"id":38112,"date":"2026-03-13T22:15:48","date_gmt":"2026-03-14T01:15:48","guid":{"rendered":"https:\/\/ifbaiano.edu.br\/portal\/?page_id=38112"},"modified":"2026-09-01T21:22:19","modified_gmt":"2026-09-02T00:22:19","slug":"resolucao-consup-2026","status":"publish","type":"page","link":"https:\/\/ifbaiano.edu.br\/portal\/resolucao-consup-2026\/","title":{"rendered":"Resolu\u00e7\u00e3o\/CONSUP- 2026"},"content":{"rendered":"\n<p class=\"wp-block-paragraph\"><a href=\"https:\/\/ifbaiano.edu.br\/portal\/wp-content\/uploads\/2026\/03\/Resolucao-467.2026_com-anexo.pdf\">Resolu\u00e7\u00e3o n\u00ba 467 <\/a>&#8211; Aprova, <em>ad referendum<\/em>, a reformula\u00e7\u00e3o do Projeto Pedag\u00f3gico do Curso T\u00e9cnico em Petr\u00f3leo e G\u00e1s Modalidade Subsequente ao Ensino M\u00e9dio<em>, Campus<\/em> Catu.<\/p>\n\n\n\n<p class=\"wp-block-paragraph\"><a href=\"https:\/\/ifbaiano.edu.br\/portal\/wp-content\/uploads\/2026\/03\/Resolucao-468.2026_com_ANEXO.pdf\">Resolu\u00e7\u00e3o n\u00ba 468 &#8211;<\/a> Aprovar, <em>ad referendum,<\/em> o Plano Anual de Auditoria Interna (PAINT) do IF Baiano\/2026.<\/p>\n\n\n\n<p class=\"wp-block-paragraph\"><a href=\"https:\/\/ifbaiano.edu.br\/portal\/wp-content\/uploads\/2026\/03\/Resolucao-469.2026-com-anexo.pdf\">Resolu\u00e7\u00e3o n\u00ba 469 <\/a>&#8211; Aprova, Diretrizes para Elabora\u00e7\u00e3o dos Calend\u00e1rios Acad\u00eamicos no \u00e2mbito do IF Baiano.<\/p>\n\n\n\n<p class=\"wp-block-paragraph\"><a href=\"https:\/\/ifbaiano.edu.br\/portal\/wp-content\/uploads\/2026\/03\/Resolucao-470.2026-com-anexo_compressed.pdf\">Resolu\u00e7\u00e3o n\u00ba 470<\/a> &#8211; Aprova, <em>ad referendum<\/em>, Implanta\u00e7\u00e3o e funcionamento do Programa de P\u00f3s-gradua\u00e7\u00e3o em Ensino da Rede Nordeste de Ensino \u2013 Renoen\/ PPC do Curso de Doutorado e Regimento Interno &#8211; <em>Campus<\/em> Catu.<\/p>\n\n\n\n<p class=\"wp-block-paragraph\"><a href=\"https:\/\/ifbaiano.edu.br\/portal\/wp-content\/uploads\/2026\/07\/Resolucao-471.2026.OS_.CONSUP.pdf\">Resolu\u00e7\u00e3o n\u00ba 471<\/a> &#8211; Aprova, ad referendum, a indica\u00e7\u00e3o do servidor, Guilherme Principe de Oliveira Galheigo , Matr\u00edcula SUAPE n\u00ba 2616370, para ocupar o cargo de coordenador da unidade de auditoria interna \u2013 AUDIN no IF Baiano\/Reitoria.<\/p>\n\n\n\n<p class=\"wp-block-paragraph\"><a href=\"https:\/\/ifbaiano.edu.br\/portal\/wp-content\/uploads\/2026\/07\/Resolucao-472.2026.OS_.CONSUP-com-anexo.pdf\">Resolu\u00e7\u00e3o n\u00ba 472<\/a> &#8211; Aprova o Relat\u00f3rio Anual de Gest\u00e3o\/2025.<\/p>\n\n\n\n<p class=\"wp-block-paragraph\"><a href=\"https:\/\/ifbaiano.edu.br\/portal\/wp-content\/uploads\/2026\/07\/Resolucao-473.2026.OS_.CONSUP.pdf\">Resolu\u00e7\u00e3o n\u00ba 473<\/a> &#8211; Tornar sem efeito, a Resolu\u00e7\u00e3o 394\/2025 &#8211; OS-CONSUP\/IFBAIANO.<\/p>\n\n\n\n<p class=\"wp-block-paragraph\"><a href=\"https:\/\/ifbaiano.edu.br\/portal\/wp-content\/uploads\/2026\/07\/Resolucao-475.2026-OS.CONSUP_com-anexo.pdf\">Resolu\u00e7\u00e3o n\u00ba 475 <\/a>\u2013 Aprova Programa de Gest\u00e3o e Melhoria da Qualidade (PGMQ) da Auditoria Interna do IF Baiano.<\/p>\n\n\n\n<p class=\"wp-block-paragraph\"><a href=\"https:\/\/ifbaiano.edu.br\/portal\/wp-content\/uploads\/2026\/07\/Resolucao-476.2026.OS_.CONSUP.pdf\">Resolu\u00e7\u00e3o n\u00ba 476 <\/a>&#8211; Aprova a Reformula\u00e7\u00e3o do Projeto Pedag\u00f3gico do Curso T\u00e9cnico em Alimentos Integrado ao Ensino M\u00e9dio IF Baiano &#8211;<em> Campu<\/em>s Catu<\/p>\n\n\n\n<p class=\"wp-block-paragraph\"><a href=\"https:\/\/ifbaiano.edu.br\/portal\/wp-content\/uploads\/2026\/07\/Resolucao-477.2026.OS_.CONSUP.pdf\">Resolu\u00e7\u00e3o n\u00ba 477 <\/a>&#8211; Aprova a Ratifica\u00e7\u00e3o da Resolu\u00e7\u00e3o n\u00ba 438\/2025 &#8211; OS-CONSUP\/IFBAIANO, que aprovou, ad referendum, \u00e0 abertura de novo Polo EAD vinculado ao <em>Campus <\/em>Serrinha &#8211; Polo Santa B\u00e1rbara.<\/p>\n\n\n\n<p class=\"wp-block-paragraph\"><a href=\"https:\/\/ifbaiano.edu.br\/portal\/wp-content\/uploads\/2026\/07\/Resolucao-478.2026.OS_.CONSUP.pdf\">Resolu\u00e7\u00e3o n\u00ba 478 &#8211; <\/a>Aprova os Calend\u00e1rios Acad\u00eamicos\/2022 dos Cursos Integrados &#8211; <em>Campus<\/em> Bom Jesus da Lapa<\/p>\n\n\n\n<p class=\"wp-block-paragraph\"><a href=\"https:\/\/ifbaiano.edu.br\/portal\/wp-content\/uploads\/2026\/07\/Resolucao-479.2026.OS_.CONSUP.pdf\">Resolu\u00e7\u00e3o n\u00ba 479<\/a> &#8211; Aprova os Calend\u00e1rios Acad\u00eamicos\/2022.2 dos Cursos Superiores (Gest\u00e3o da Tecnologia da Informa\u00e7\u00e3o &#8211; GTI e Engenharia Agron\u00f4mica &#8211; <em>Campus <\/em>Bom Jesus da Lapa<\/p>\n\n\n\n<p class=\"wp-block-paragraph\"><a href=\"https:\/\/ifbaiano.edu.br\/portal\/wp-content\/uploads\/2026\/07\/Resolucao-480.2026-OS.CONSUP.pdf\">Resolu\u00e7\u00e3o n\u00ba 480<\/a> &#8211; Aprova os Calend\u00e1rios Acad\u00eamicos\/2022.2 dos Cursos Superiores &#8211; <em>Campus <\/em>Bom Jesus da Lapa<\/p>\n\n\n\n<p class=\"wp-block-paragraph\"><a href=\"https:\/\/ifbaiano.edu.br\/portal\/wp-content\/uploads\/2026\/07\/Resolucao-481.2026-OS.CONSUP.pdf\">Resolu\u00e7\u00e3o n\u00ba 481 <\/a>-Aprovar a renova\u00e7\u00e3o do credenciamento da Funda\u00e7\u00e3o de Apoio \u00e0 Educa\u00e7\u00e3o e ao Desenvolvimento Tecnol\u00f3gico do Rio Grande do Norte (Funcern) junto ao IF Baiano por 1 (um) ano<\/p>\n\n\n\n<p class=\"wp-block-paragraph\"><a href=\"https:\/\/ifbaiano.edu.br\/portal\/wp-content\/uploads\/2026\/07\/Resolucao-482.2026.OS_.CONSUP.pdf\">Resolu\u00e7\u00e3o n\u00ba 482<\/a> &#8211; Ratifica a Resolu\u00e7\u00e3o 471\/2026 &#8211; OS-CONSUP\/IFBAIANO, que aprovo, ad referendum, a indica\u00e7\u00e3o do servidor, Guilherme Principe de Oliveira Galheigo , Matr\u00edcula SUAPE n\u00ba 2616370, para ocupar o cargo de coordenador da unidade de auditoria interna \u2013 AUDIN no<\/p>\n\n\n\n<p class=\"wp-block-paragraph\"><a href=\"https:\/\/ifbaiano.edu.br\/portal\/wp-content\/uploads\/2026\/07\/Resolucao-483.2026.OS_.CONSUP.pdf\">Resolu\u00e7\u00e3o n\u00ba 483<\/a> &#8211; Aprova o Calend\u00e1rio Acad\u00eamico dos Cursos T\u00e9cnicos Integrados ao Ensino M\u00e9dio do IF Baiano &#8211; <em>Campus <\/em>Itapetinga 2026.<\/p>\n\n\n\n<p class=\"wp-block-paragraph\"><a href=\"https:\/\/ifbaiano.edu.br\/portal\/wp-content\/uploads\/2026\/07\/Resolucao-485.2026-OS.CONSUP.pdf\">Resolu\u00e7\u00e3o n\u00ba 485<\/a> &#8211; Ratificar a Resolu\u00e7\u00e3o n\u00ba 468\/2026 -OS-CONSUP\/IFBAIANO que aprovou, ad referendum, o Plano de Auditoria Interna da AUDIN\/2026<\/p>\n\n\n\n<p class=\"wp-block-paragraph\"><a href=\"https:\/\/ifbaiano.edu.br\/portal\/wp-content\/uploads\/2026\/07\/Resolucao-486.2026.OS_.CONSUP.pdf\">Resolu\u00e7\u00e3o n\u00ba 486 <\/a>&#8211; Aprova os &nbsp;Calend\u00e1rios Acad\u00eamicos\/2026&nbsp;&#8211; <em>Campus <\/em>Uru\u00e7uca.<\/p>\n\n\n\n<p class=\"wp-block-paragraph\"><a href=\"https:\/\/ifbaiano.edu.br\/portal\/wp-content\/uploads\/2026\/07\/Resolucao-487.2026.OS_.CONSUP.pdf\">Resolu\u00e7\u00e3o n\u00ba 487 <\/a>&#8211; Aprova altera\u00e7\u00f5es nos Calend\u00e1rios dos Cursos de Gradua\u00e7\u00e3o, Subsequentes e Proeja &#8211; 2024 &#8211; <em>Campus <\/em>CATU<\/p>\n\n\n\n<p class=\"wp-block-paragraph\"><a href=\"https:\/\/ifbaiano.edu.br\/portal\/wp-content\/uploads\/2026\/07\/Resolucao-488.2026-OS.CONSUP.pdf\">Resolu\u00e7\u00e3o n\u00ba 488 <\/a>&#8211; Aprovar os Calend\u00e1rios Acad\u00eamicos\/2025 dos Cursos Integrados, Subsequentes e Superiores &#8211; <em>Campus <\/em>Serrinha<\/p>\n\n\n\n<p class=\"wp-block-paragraph\"><a href=\"https:\/\/ifbaiano.edu.br\/portal\/wp-content\/uploads\/2026\/07\/Resolucao-489.2026-OS.CONSUP.pdf\">Resolu\u00e7\u00e3o n\u00ba 489 <\/a>&#8211; Aprova os Calend\u00e1rios Acad\u00eamicos\/2026 dos Cursos Integrados, Subsequentes e Superiores &#8211; <em>Campus <\/em>Valen\u00e7a.<\/p>\n\n\n\n<p class=\"wp-block-paragraph\"><a href=\"https:\/\/ifbaiano.edu.br\/portal\/wp-content\/uploads\/2026\/07\/Resolucao-490.2026-OS.CONSUP.pdf\">Resolu\u00e7\u00e3o n\u00ba 490<\/a> &#8211; Aprova&nbsp;&nbsp;<em>&nbsp;<\/em>a Cria\u00e7\u00e3o do Polo de Educa\u00e7\u00e3o a Dist\u00e2ncia, vinculado ao&nbsp;<em>Campus<\/em>&nbsp;Santa In\u00eas em parceria com a Prefeitura Municipal de Jequi\u00e9\/BA, destinado \u00e0 oferta de Cursos de Educa\u00e7\u00e3o Profissional e Tecnol\u00f3gica na modalidade a dist\u00e2ncia<\/p>\n\n\n\n<p class=\"wp-block-paragraph\"><a href=\"https:\/\/ifbaiano.edu.br\/portal\/wp-content\/uploads\/2026\/07\/Resolucao-491.2026-OS.CONSUP.pdf\">Resolu\u00e7\u00e3o n\u00ba 491<\/a> &#8211; Aprova os Calend\u00e1rios Acad\u00eamicos\/2025 dos Cursos Superiores &#8211; Campus Bom Jesus da Lapa.<\/p>\n\n\n\n<p class=\"wp-block-paragraph\"><a href=\"https:\/\/ifbaiano.edu.br\/portal\/wp-content\/uploads\/2026\/07\/Resolucao-492.2026.OS_.CONSUP.pdf\">Resolu\u00e7\u00e3o n\u00ba 492-<\/a> Autoriza, ad referendum, Implanta\u00e7\u00e3o e Funcionamento do Curso T\u00e9cnico em Secretaria Escolar &#8211; Profuncion\u00e1rio, nos campi os <em>campi <\/em>Alagoinhas, Catu, Governador Mangabeira, Uru\u00e7uca e Xique-Xique, Aprova, ad referendum, o PPC do referido Curso &#8211; Ead<\/p>\n\n\n\n<p class=\"wp-block-paragraph\"><a href=\"https:\/\/ifbaiano.edu.br\/portal\/wp-content\/uploads\/2026\/07\/Resolucao-493.2026-OS.CONSUP.pdf\">Resolu\u00e7\u00e3o n\u00ba 493<\/a> &#8211; Aprova os Calend\u00e1rios Acad\u00eamicos\/2025 dos Cursos Superiores &#8211; <em>Campus <\/em>Senhor do Bonfim<\/p>\n\n\n\n<p class=\"wp-block-paragraph\"><a href=\"https:\/\/ifbaiano.edu.br\/portal\/wp-content\/uploads\/2026\/07\/Resolucao-494.2026-OS.CONSUP.pdf\">Resolu\u00e7\u00e3o n\u00ba 494 <\/a>-Aprova a Ratifica\u00e7\u00e3o da Resolu\u00e7\u00e3o 336\/2024 &#8211; OS-CONSUP\/IFBAIANO, que aprovou, ad referendum, a Implanta\u00e7\u00e3o e Funcionamento do Curso T\u00e9cnico Subsequente ao Ensino M\u00e9dio em Inform\u00e1tica, na modalidade EaD, nos <em>campi <\/em>e polos Ead do IF Baiano.<\/p>\n\n\n\n<p class=\"wp-block-paragraph\"><a href=\"https:\/\/ifbaiano.edu.br\/portal\/wp-content\/uploads\/2026\/07\/Resolucao-495.2026.OS_.CONSUP.pdf\">Resolu\u00e7\u00e3o n\u00ba 495<\/a>&#8211; Prorroga\u00e7\u00e3o do Mandato dos membros do CONSUP &#8211; Bi\u00eanio 2024-2026<\/p>\n\n\n\n<p class=\"wp-block-paragraph\"><a href=\"https:\/\/ifbaiano.edu.br\/portal\/wp-content\/uploads\/2026\/07\/Resolucao-496.2026-OS.CONSUP.pdf\">Resolu\u00e7\u00e3o n\u00ba 496<\/a> &#8211; Aprova, os Calend\u00e1rios Acad\u00eamicos\/2026 dos Cursos Integrados, Subsequentes e Superior &#8211; <em>Campus <\/em>Santa In\u00eas.<\/p>\n\n\n\n<p class=\"wp-block-paragraph\"><\/p>\n\n\n\n<p class=\"wp-block-paragraph\"><a href=\"https:\/\/ifbaiano.edu.br\/portal\/wp-content\/uploads\/2026\/07\/Resolucao-497.2026.OS_.CONSUP.pdf\">Resolu\u00e7\u00e3o n\u00ba 497 <\/a>\u2013 Aprova a Reformula\u00e7\u00e3o do Projeto Pedag\u00f3gico do Curso Superior de Tecnologia em Gest\u00e3o de Cooperativas &#8211; <em>Campus <\/em>Serrinha<\/p>\n\n\n\n<p class=\"wp-block-paragraph\"><a href=\"https:\/\/ifbaiano.edu.br\/portal\/wp-content\/uploads\/2026\/07\/Resolucao-498.2026-OS-CONSUP.IFBaiano-com-anexo.pdf\">Resolu\u00e7\u00e3o n\u00ba 498<\/a> &#8211; Aprova a Revis\u00e3o do Regulamento Disciplinar Discente e Revoga a Resolu\u00e7\u00e3o n\u00ba 25, de 24 de novembro de 2015 -CONSUP.<\/p>\n\n\n\n<p class=\"wp-block-paragraph\"><a href=\"https:\/\/ifbaiano.edu.br\/portal\/wp-content\/uploads\/2026\/07\/Resolucao-499.2026-OS.CONSUP.pdf\">Resolu\u00e7\u00e3o n\u00ba 499<\/a> &#8211; Aprova os Calend\u00e1rios Acad\u00eamicos\/2026 dos Cursos T\u00e9cnicos Integrados &#8211; <em>Campus <\/em>Bom Jesus da Lapa.<\/p>\n\n\n\n<p class=\"wp-block-paragraph\"><a href=\"https:\/\/ifbaiano.edu.br\/portal\/wp-content\/uploads\/2026\/07\/Resolucao-500.2026.OS_.CONSUP.pdf\">Resolu\u00e7\u00e3o n\u00ba 500-<\/a> Aprova a Ratifica\u00e7\u00e3o da Resolu\u00e7\u00e3o n\u00ba 19\/2020 &#8211; que aprovou ad referendum, a Reformula\u00e7\u00e3o do Projeto Pol\u00edtico Pedag\u00f3gico do Curso T\u00e9cnico em Agroecologia Integrado ao Ensino M\u00e9dio &#8211; <em>Campus <\/em>Serrinha.<\/p>\n\n\n\n<p class=\"wp-block-paragraph\"><a href=\"https:\/\/ifbaiano.edu.br\/portal\/wp-content\/uploads\/2026\/07\/Resolucao-501.2026.OS_.CONSUP.pdf\">Resolu\u00e7\u00e3o n\u00ba 501<\/a> &#8211; Aprova os Calend\u00e1rios Letivos\/2026 dos Cursos Superiores, Proeja, Subsequentes e Integrados &#8211;&nbsp;<em>Campus<\/em>&nbsp;Catu.<\/p>\n\n\n\n<p class=\"wp-block-paragraph\"><a href=\"https:\/\/ifbaiano.edu.br\/portal\/wp-content\/uploads\/2026\/07\/Resolucao-502.2026.OS_.CONSUP.pdf\">Resolu\u00e7\u00e3o n\u00ba 502<\/a>&#8211; Aprova, os Calend\u00e1rios Acad\u00eamicos\/2026 dos Cursos Subsequentes e Integrados &#8211; <em>Campus <\/em>Itaberaba<\/p>\n\n\n\n<p class=\"wp-block-paragraph\"><a href=\"https:\/\/ifbaiano.edu.br\/portal\/wp-content\/uploads\/2026\/08\/Resolucao-503.26_CONSUP.pdf\">Resolu\u00e7\u00e3o n\u00ba 503<\/a> &#8211; Calend\u00e1rios Acad\u00eamicos\/2026, na modalidade EaD do IF Baiano.<\/p>\n\n\n\n<p class=\"wp-block-paragraph\"><a href=\"https:\/\/ifbaiano.edu.br\/portal\/wp-content\/uploads\/2026\/08\/Resolucao-504.26_CONSUP.pdf\">Resolu\u00e7\u00e3o n\u00ba 504<\/a> &#8211;  Aprova a Implanta\u00e7\u00e3o e funcionamento do Curso de P\u00f3s-Gradua\u00e7\u00e3o <em>Lato Sensu<\/em> em Estudos<br>Lingu\u00edsticos e Liter\u00e1rios e o Regimento Interno do Curso-<em> Campus <\/em>Valen\u00e7a<\/p>\n\n\n\n<p class=\"wp-block-paragraph\"><a href=\"https:\/\/ifbaiano.edu.br\/portal\/wp-content\/uploads\/2026\/08\/Resolucao-505.26_CONSUP.pdf\">Resolu\u00e7\u00e3o n\u00ba 505<\/a> &#8211; Aprova a Reformula\u00e7\u00e3o do Projeto Pedag\u00f3gico do Curso de P\u00f3s-Gradua\u00e7\u00e3o <em>Lato Sensu <\/em>em<br>Ci\u00eancia e Tecnologia de Alimentos e do Regimento Interno &#8211; <em>Campus <\/em>Senhor do Bonfim.<\/p>\n\n\n\n<p class=\"wp-block-paragraph\"><a href=\"https:\/\/ifbaiano.edu.br\/portal\/wp-content\/uploads\/2026\/08\/Resolucao-506.26_CONSUP.pdf\">Resolu\u00e7\u00e3o n\u00ba 506<\/a> &#8211; Homologa a indica\u00e7\u00e3o de 15 (quinze) servidores titulares, com respectivos suplentes da<br>categoria T\u00e9cnico-Administrativos em Educa\u00e7\u00e3o (TAEs) que manifestaram interesse em compor as Comiss\u00f5es<br>Locais de Avalia\u00e7\u00e3o de RSC-PCCTAE, a serem institu\u00eddas no \u00e2mbito dos <em>campi <\/em>e da Reitoria.<\/p>\n\n\n\n<p class=\"wp-block-paragraph\"><a href=\"https:\/\/ifbaiano.edu.br\/portal\/wp-content\/uploads\/2026\/08\/Resolucao-507.26_CONSUP.pdf\">Resolu\u00e7\u00e3o n\u00ba 507<\/a> &#8211; Ratifica\u00e7\u00e3o do Relat\u00f3rio Anual de Gest\u00e3o da FUNCERN referente ao exerc\u00edcio de 2025 (Resolu\u00e7\u00e3o N\u00ba 002\/2026-CONCURA-FUNCERN) e Aprova\u00e7\u00e3o do Relat\u00f3rio de Avalia\u00e7\u00e3o de Desempenho da FUNCERN.<\/p>\n\n\n\n<p class=\"wp-block-paragraph\"><a href=\"https:\/\/ifbaiano.edu.br\/portal\/wp-content\/uploads\/2026\/08\/Resolucao-509.26_CONSUP.pdf\">Resolu\u00e7\u00e3o n\u00ba 509<\/a> &#8211; Aprova o Regulamento de Cria\u00e7\u00e3o, Revis\u00e3o, Suspens\u00e3o e Extin\u00e7\u00e3o de Cursos da Educa\u00e7\u00e3o Profissional T\u00e9cnica de N\u00edvel M\u00e9dio do IF Baiano e Revoga as Resolu\u00e7\u00f5es CONSUP n\u00bas 14 e 48\/2014 &#8211; OS-CONSUP<\/p>\n\n\n\n<p class=\"wp-block-paragraph\">Resolu\u00e7\u00e3o n\u00ba 508- <a href=\"https:\/\/ifbaiano.edu.br\/portal\/wp-content\/uploads\/2026\/09\/Resolucao-511.2026-_com-anexo.pdf\">Revogada pela Resolu\u00e7\u00e3o 511\/2026- OS-CONSUP\/IF Baiano<\/a><\/p>\n\n\n\n<p class=\"wp-block-paragraph\"><a href=\"https:\/\/ifbaiano.edu.br\/portal\/wp-content\/uploads\/2026\/09\/Resolucao-510.2026-OSCONSUP-2.pdf\">Resolu\u00e7\u00e3o n\u00ba 510<\/a> &#8211; Autoriza, a Implanta\u00e7\u00e3o e Funcionamento do Curso Superior de Bacharelado em Administra\u00e7\u00e3o e aprova o Projeto Pedag\u00f3gico do referido Curso &#8211; Campus Teixeira de Freitas<\/p>\n\n\n\n<p class=\"wp-block-paragraph\"><a href=\"https:\/\/ifbaiano.edu.br\/portal\/wp-content\/uploads\/2026\/09\/Resolucao-511.2026-_com-anexo.pdf\">Resolu\u00e7\u00e3o n\u00ba 511<\/a>&#8211; Aprova o Regulamento de Cria\u00e7\u00e3o, de Revis\u00e3o Curricular, de Suspens\u00e3o, de Reabertura e de Extin\u00e7\u00e3o de Cursos de Gradua\u00e7\u00e3o Presenciais, Semipresenciais e a Dist\u00e2ncia do IF Baiano e Revoga as Resolu\u00e7\u00f5es 13 e 47\/2014 Resolu\u00e7\u00e3o n \u00ba 508\/2026<\/p>\n\n\n\n<p class=\"wp-block-paragraph\"><\/p>\n","protected":false},"excerpt":{"rendered":"<p>Resolu\u00e7\u00e3o n\u00ba 467 &#8211; Aprova, ad referendum, a reformula\u00e7\u00e3o do Projeto Pedag\u00f3gico do Curso T\u00e9cnico em Petr\u00f3leo e G\u00e1s Modalidade Subsequente ao Ensino M\u00e9dio, Campus Catu. Resolu\u00e7\u00e3o n\u00ba 468 &#8211; Aprovar, ad referendum, o Plano Anual de Auditoria Interna (PAINT) do IF Baiano\/2026. Resolu\u00e7\u00e3o n\u00ba 469 &#8211; Aprova, Diretrizes para Elabora\u00e7\u00e3o dos Calend\u00e1rios Acad\u00eamicos no [&hellip;]<\/p>\n","protected":false},"author":20,"featured_media":0,"parent":0,"menu_order":0,"comment_status":"closed","ping_status":"closed","template":"","meta":{"footnotes":""},"class_list":["post-38112","page","type-page","status-publish","hentry"],"_links":{"self":[{"href":"https:\/\/ifbaiano.edu.br\/portal\/wp-json\/wp\/v2\/pages\/38112","targetHints":{"allow":["GET"]}}],"collection":[{"href":"https:\/\/ifbaiano.edu.br\/portal\/wp-json\/wp\/v2\/pages"}],"about":[{"href":"https:\/\/ifbaiano.edu.br\/portal\/wp-json\/wp\/v2\/types\/page"}],"author":[{"embeddable":true,"href":"https:\/\/ifbaiano.edu.br\/portal\/wp-json\/wp\/v2\/users\/20"}],"replies":[{"embeddable":true,"href":"https:\/\/ifbaiano.edu.br\/portal\/wp-json\/wp\/v2\/comments?post=38112"}],"version-history":[{"count":15,"href":"https:\/\/ifbaiano.edu.br\/portal\/wp-json\/wp\/v2\/pages\/38112\/revisions"}],"predecessor-version":[{"id":40749,"href":"https:\/\/ifbaiano.edu.br\/portal\/wp-json\/wp\/v2\/pages\/38112\/revisions\/40749"}],"wp:attachment":[{"href":"https:\/\/ifbaiano.edu.br\/portal\/wp-json\/wp\/v2\/media?parent=38112"}],"curies":[{"name":"wp","href":"https:\/\/api.w.org\/{rel}","templated":true}]}}