
{"id":40758,"date":"2026-09-02T15:37:42","date_gmt":"2026-09-02T18:37:42","guid":{"rendered":"https:\/\/ifbaiano.edu.br\/portal\/?post_type=concursos&#038;p=40758"},"modified":"2026-09-02T15:42:29","modified_gmt":"2026-09-02T18:42:29","slug":"selecao-professor-formador-uab-capes-pos-gestao-na-ept-setembro-2026","status":"publish","type":"concursos","link":"https:\/\/ifbaiano.edu.br\/portal\/concursos\/selecao-professor-formador-uab-capes-pos-gestao-na-ept-setembro-2026\/","title":{"rendered":"Sele\u00e7\u00e3o de Professores(as) Formadores(as) da UAB\/CAPES no IF Baiano para o Curso de P\u00f3s-gradua\u00e7\u00e3o Lato Sensu Em Gest\u00e3o na Educa\u00e7\u00e3o Profissional e Tecnol\u00f3gica &#8211; Setembro 2026"},"content":{"rendered":"\n<p class=\"wp-block-paragraph\"><strong>A SUBSTITUTA DA REITORA DO INSTITUTO FEDERAL DE EDUCA\u00c7\u00c3O, CI\u00caNCIA E TECNOLOGIA BAIANO<\/strong>, no uso das suas atribui\u00e7\u00f5es delegadas pela <strong>Portaria n\u00ba 1.235 RET-GAB, de 29 de maio de 2026<\/strong>, publicada no DOU de 01\/06\/2026, Se\u00e7\u00e3o 2, p\u00e1gina 34, e de acordo com as disposi\u00e7\u00f5es <strong>contidas<\/strong> na Lei n\u00ba 8.112, de 11\/12\/1990 e na Lei n\u00ba 11.892, de 29\/12\/2008, vem, por meio da <strong>Pr\u00f3-Reitoria de Pesquisa, Inova\u00e7\u00e3o e P\u00f3s-Gradua\u00e7\u00e3o (PROPES)<\/strong>, tornar p\u00fablico o presente <strong>Edital<\/strong>, que estabelece as normas para a sele\u00e7\u00e3o de candidatos(as) \u00e0 atua\u00e7\u00e3o como <strong>Professores(as) Formadores(as)<\/strong> no curso de <strong>P\u00f3s-Gradua\u00e7\u00e3o Lato Sensu em Gest\u00e3o na Educa\u00e7\u00e3o Profissional e Tecnol\u00f3gica<\/strong>, ofertado pela Institui\u00e7\u00e3o, na modalidade de <strong>Educa\u00e7\u00e3o a Dist\u00e2ncia (EaD)<\/strong>, no \u00e2mbito do <strong>Sistema Universidade Aberta do Brasil (UAB)<\/strong>, vinculado \u00e0 <strong>Coordena\u00e7\u00e3o de Aperfei\u00e7oamento de Pessoal de N\u00edvel Superior (CAPES)<\/strong>, do <strong>Minist\u00e9rio da Educa\u00e7\u00e3o (MEC)<\/strong>. O presente processo seletivo est\u00e1 em conformidade com a <strong>Lei n\u00ba 11.273, de 6 de fevereiro de 2006<\/strong>, e suas altera\u00e7\u00f5es posteriores; o <strong>Decreto n\u00ba 5.800, de 8 de junho de 2006<\/strong>; o <strong>Decreto n\u00ba 9.057, de 25 de maio de 2017<\/strong>; a <strong>Portaria Conjunta CAPES\/CNPq n\u00ba 2, de 22 de julho de 2013<\/strong>; a <strong>Portaria CAPES n\u00ba 309, de 27 de setembro de 2024<\/strong>; bem como com os demais normativos aplic\u00e1veis \u00e0 mat\u00e9ria.<\/p>\n","protected":false},"excerpt":{"rendered":"<p>A SUBSTITUTA DA REITORA DO INSTITUTO FEDERAL DE EDUCA\u00c7\u00c3O, CI\u00caNCIA E TECNOLOGIA BAIANO, no uso das suas atribui\u00e7\u00f5es delegadas pela Portaria n\u00ba 1.235 RET-GAB, de 29 de maio de 2026, publicada no DOU de 01\/06\/2026, Se\u00e7\u00e3o 2, p\u00e1gina 34, e de acordo com as disposi\u00e7\u00f5es contidas na Lei n\u00ba 8.112, de 11\/12\/1990 e na Lei [&hellip;]<\/p>\n","protected":false},"featured_media":0,"template":"","categorias_concursos":[],"tags_concursos":[],"class_list":["post-40758","concursos","type-concursos","status-publish","hentry"],"_links":{"self":[{"href":"https:\/\/ifbaiano.edu.br\/portal\/wp-json\/wp\/v2\/concursos\/40758","targetHints":{"allow":["GET"]}}],"collection":[{"href":"https:\/\/ifbaiano.edu.br\/portal\/wp-json\/wp\/v2\/concursos"}],"about":[{"href":"https:\/\/ifbaiano.edu.br\/portal\/wp-json\/wp\/v2\/types\/concursos"}],"wp:attachment":[{"href":"https:\/\/ifbaiano.edu.br\/portal\/wp-json\/wp\/v2\/media?parent=40758"}],"wp:term":[{"taxonomy":"categorias_concursos","embeddable":true,"href":"https:\/\/ifbaiano.edu.br\/portal\/wp-json\/wp\/v2\/categorias_concursos?post=40758"},{"taxonomy":"tags_concursos","embeddable":true,"href":"https:\/\/ifbaiano.edu.br\/portal\/wp-json\/wp\/v2\/tags_concursos?post=40758"}],"curies":[{"name":"wp","href":"https:\/\/api.w.org\/{rel}","templated":true}]}}